{"id":37,"date":"2015-05-19T13:50:17","date_gmt":"2015-05-19T13:50:17","guid":{"rendered":"http:\/\/exposec.tmp.br\/16\/?page_id=37"},"modified":"2026-02-10T13:23:09","modified_gmt":"2026-02-10T13:23:09","slug":"local-e-data","status":"publish","type":"page","link":"https:\/\/fireshow.com.br\/?page_id=37","title":{"rendered":"Local e Data"},"content":{"rendered":"\t\t<div data-elementor-type=\"wp-page\" data-elementor-id=\"37\" class=\"elementor elementor-37\">\n\t\t\t\t\t\t<section class=\"elementor-section elementor-top-section elementor-element elementor-element-d743b8b elementor-section-boxed elementor-section-height-default elementor-section-height-default\" data-id=\"d743b8b\" data-element_type=\"section\" data-settings=\"{&quot;background_background&quot;:&quot;classic&quot;}\">\n\t\t\t\t\t\t<div class=\"elementor-container elementor-column-gap-default\">\n\t\t\t\t\t<div class=\"elementor-column elementor-col-100 elementor-top-column elementor-element elementor-element-88249dc\" data-id=\"88249dc\" data-element_type=\"column\">\n\t\t\t<div class=\"elementor-widget-wrap elementor-element-populated\">\n\t\t\t\t\t\t<div class=\"elementor-element elementor-element-b250a9d elementor-widget elementor-widget-heading\" data-id=\"b250a9d\" data-element_type=\"widget\" data-widget_type=\"heading.default\">\n\t\t\t\t<div class=\"elementor-widget-container\">\n\t\t\t<h1 class=\"elementor-heading-title elementor-size-default\">Local e data<\/h1>\t\t<\/div>\n\t\t\t\t<\/div>\n\t\t\t\t<div class=\"elementor-element elementor-element-eabfd5a elementor-widget-divider--view-line elementor-widget elementor-widget-divider\" data-id=\"eabfd5a\" data-element_type=\"widget\" data-widget_type=\"divider.default\">\n\t\t\t\t<div class=\"elementor-widget-container\">\n\t\t\t\t\t<div class=\"elementor-divider\">\n\t\t\t<span class=\"elementor-divider-separator\">\n\t\t\t\t\t\t<\/span>\n\t\t<\/div>\n\t\t\t\t<\/div>\n\t\t\t\t<\/div>\n\t\t\t\t<div class=\"elementor-element elementor-element-3ff097b elementor-widget elementor-widget-text-editor\" data-id=\"3ff097b\" data-element_type=\"widget\" data-widget_type=\"text-editor.default\">\n\t\t\t\t<div class=\"elementor-widget-container\">\n\t\t\t\t\t\t\t<p><strong>Data:\u00a0<\/strong>06 a 08 de Outubro de 2026<\/p><p><strong>Hor\u00e1rio:\u00a0<\/strong>13h \u00e0s 20h<\/p><p><strong>Local:<\/strong>\u00a0S\u00e3o Paulo Expo Exhibition &amp; Convention Center<\/p><p><strong>Endere\u00e7o:<\/strong>\u00a0Rodovia dos Imigrantes, KM 1,5 \u2013 \u00c1gua Funda, S\u00e3o Paulo \u2013 SP, 04329-100<\/p><p><strong>Frequ\u00eancia:\u00a0<\/strong>Bienal<\/p><p><strong>Transporte Gratuito:<\/strong> Haver\u00e1 transporte gratuito com in\u00edcio 1 hora antes at\u00e9 1 hora depois do funcionamento da feira.\u00a0Em breve mais informa\u00e7\u00f5es sobre o local de embarque.<\/p><p><strong>Estacionamento:\u00a0<\/strong>O S\u00e3o Paulo Expo Exhibition &amp; Convention Center possui um estacionamento com capacidade para mais de 4.200 ve\u00edculos. Consulte pre\u00e7os e hor\u00e1rio de funcionamento no site\u00a0<a href=\"http:\/\/www.saopauloexpo.com.br\/\" target=\"_blank\" rel=\"noopener noreferrer\">www.saopauloexpo.com.br<\/a><\/p><p><strong>T\u00e1xi comum:<\/strong><\/p><ul><li>Aeroporto Congonhas \u2013 Centro de Exposi\u00e7\u00f5es S\u00e3o Paulo Expo:\u00a0<a href=\"http:\/\/www.tarifadetaxi.com\/sao-paulo?from=Av.%20Washington%20Lu%C3%ADs%2C%20s%2Fn%BA%20-%20Vila%20Congonhas%2C%20S%E3o%20Paulo%20-%20SP%2C%2004626-911%2C%20Brasil%20%40-23.6273246%2C-46.6565842&amp;to=S%E3o%20Paulo%20Expo%3A%20Rod.%20dos%20Imigrantes%2C%201%20-%20Parque%20do%20Estado%20-%20Parque%20do%20Estado%2C%20S%E3o%20Paulo%20-%20SP%2C%2004329-100%2C%20Brasil%20%40-23.64363%2C-46.62957&amp;start_loc=-23.627116%2C-46.659381&amp;end_loc=-23.643548%2C-46.630279&amp;auto=1&amp;waypoints=\" target=\"_blank\" rel=\"noopener noreferrer\">(Veja valores)<\/a><\/li><li>Aeroporto Guarulhos \u2013 Centro de Exposi\u00e7\u00f5es S\u00e3o Paulo Expo:\u00a0<a href=\"http:\/\/www.tarifadetaxi.com\/sao-paulo?from=Rod.%20H%E9lio%20Smidt%2C%20s%2Fn%BA%20-%20Cumbica%2C%20Guarulhos%20-%20SP%2C%2007190-100%2C%20Brasil%20%40-23.4345529%2C-46.478125999999975&amp;to=S%E3o%20Paulo%20Expo%3A%20Rod.%20dos%20Imigrantes%2C%201%20-%20Parque%20do%20Estado%20-%20Parque%20do%20Estado%2C%20S%E3o%20Paulo%20-%20SP%2C%2004329-100%2C%20Brasil%20%40-23.64363%2C-46.62957&amp;start_loc=-23.440257%2C-46.479113&amp;end_loc=-23.643548%2C-46.630279&amp;auto=1&amp;waypoints=-23.546049%2C-46.599178\" target=\"_blank\" rel=\"noopener noreferrer\">(Veja valores)<\/a><\/li><\/ul><p>* Os pre\u00e7os acima est\u00e3o sujeitos a altera\u00e7\u00e3o e n\u00e3o s\u00e3o de responsabilidade da Fiera Milano Brasil.<\/p>\t\t\t\t\t\t<\/div>\n\t\t\t\t<\/div>\n\t\t\t\t\t<\/div>\n\t\t<\/div>\n\t\t\t\t\t<\/div>\n\t\t<\/section>\n\t\t\t\t<section class=\"elementor-section elementor-top-section elementor-element elementor-element-63155066 elementor-section-boxed elementor-section-height-default elementor-section-height-default\" data-id=\"63155066\" data-element_type=\"section\" data-settings=\"{&quot;background_background&quot;:&quot;gradient&quot;}\">\n\t\t\t\t\t\t\t<div class=\"elementor-background-overlay\"><\/div>\n\t\t\t\t\t\t\t<div class=\"elementor-container elementor-column-gap-default\">\n\t\t\t\t\t<div class=\"elementor-column elementor-col-100 elementor-top-column elementor-element elementor-element-1e2f232e\" data-id=\"1e2f232e\" data-element_type=\"column\">\n\t\t\t<div class=\"elementor-widget-wrap elementor-element-populated\">\n\t\t\t\t\t\t<div class=\"elementor-element elementor-element-27602b9c elementor-widget elementor-widget-heading\" data-id=\"27602b9c\" data-element_type=\"widget\" data-widget_type=\"heading.default\">\n\t\t\t\t<div class=\"elementor-widget-container\">\n\t\t\t<h3 class=\"elementor-heading-title elementor-size-default\">Garanta j\u00e1 o seu lugar no maior evento do setor.<\/h3>\t\t<\/div>\n\t\t\t\t<\/div>\n\t\t\t\t<section class=\"elementor-section elementor-inner-section elementor-element elementor-element-22ff149e elementor-section-boxed elementor-section-height-default elementor-section-height-default\" data-id=\"22ff149e\" data-element_type=\"section\">\n\t\t\t\t\t\t<div class=\"elementor-container elementor-column-gap-default\">\n\t\t\t\t\t<div class=\"elementor-column elementor-col-50 elementor-inner-column elementor-element elementor-element-40f0e0ac\" data-id=\"40f0e0ac\" data-element_type=\"column\">\n\t\t\t<div class=\"elementor-widget-wrap elementor-element-populated\">\n\t\t\t\t\t\t<div class=\"elementor-element elementor-element-4c4ccb35 elementor-mobile-align-center elementor-align-right elementor-widget elementor-widget-button\" data-id=\"4c4ccb35\" data-element_type=\"widget\" data-widget_type=\"button.default\">\n\t\t\t\t<div class=\"elementor-widget-container\">\n\t\t\t\t\t\t\t<div class=\"elementor-button-wrapper\">\n\t\t\t\t\t<a class=\"elementor-button elementor-button-link elementor-size-md\" href=\"\/credenciamento\/\">\n\t\t\t\t\t\t<span class=\"elementor-button-content-wrapper\">\n\t\t\t\t\t\t\t\t\t<span class=\"elementor-button-text\">Credenciamento<\/span>\n\t\t\t\t\t<\/span>\n\t\t\t\t\t<\/a>\n\t\t\t\t<\/div>\n\t\t\t\t\t\t<\/div>\n\t\t\t\t<\/div>\n\t\t\t\t\t<\/div>\n\t\t<\/div>\n\t\t\t\t<div class=\"elementor-column elementor-col-50 elementor-inner-column elementor-element elementor-element-35e8cb4\" data-id=\"35e8cb4\" data-element_type=\"column\">\n\t\t\t<div class=\"elementor-widget-wrap elementor-element-populated\">\n\t\t\t\t\t\t<div class=\"elementor-element elementor-element-1ca51644 elementor-mobile-align-center elementor-align-left elementor-widget elementor-widget-button\" data-id=\"1ca51644\" data-element_type=\"widget\" data-widget_type=\"button.default\">\n\t\t\t\t<div class=\"elementor-widget-container\">\n\t\t\t\t\t\t\t<div class=\"elementor-button-wrapper\">\n\t\t\t\t\t<a class=\"elementor-button elementor-button-link elementor-size-md\" href=\"\/por-que-expor\/\">\n\t\t\t\t\t\t<span class=\"elementor-button-content-wrapper\">\n\t\t\t\t\t\t\t\t\t<span class=\"elementor-button-text\">RESERVE SEU ESTANDE<\/span>\n\t\t\t\t\t<\/span>\n\t\t\t\t\t<\/a>\n\t\t\t\t<\/div>\n\t\t\t\t\t\t<\/div>\n\t\t\t\t<\/div>\n\t\t\t\t\t<\/div>\n\t\t<\/div>\n\t\t\t\t\t<\/div>\n\t\t<\/section>\n\t\t\t\t\t<\/div>\n\t\t<\/div>\n\t\t\t\t\t<\/div>\n\t\t<\/section>\n\t\t\t\t<section class=\"elementor-section elementor-top-section elementor-element elementor-element-5743152 elementor-section-full_width elementor-section-height-default elementor-section-height-default\" data-id=\"5743152\" data-element_type=\"section\" data-settings=\"{&quot;background_background&quot;:&quot;classic&quot;}\">\n\t\t\t\t\t\t<div class=\"elementor-container elementor-column-gap-default\">\n\t\t\t\t\t<div class=\"elementor-column elementor-col-100 elementor-top-column elementor-element elementor-element-04d8e26\" data-id=\"04d8e26\" data-element_type=\"column\">\n\t\t\t<div class=\"elementor-widget-wrap elementor-element-populated\">\n\t\t\t\t\t\t<div class=\"elementor-element elementor-element-8b488b9 elementor-widget elementor-widget-google_maps\" data-id=\"8b488b9\" data-element_type=\"widget\" data-widget_type=\"google_maps.default\">\n\t\t\t\t<div class=\"elementor-widget-container\">\n\t\t\t\t\t<div class=\"elementor-custom-embed\">\n\t\t\t<iframe loading=\"lazy\"\n\t\t\t\t\tsrc=\"https:\/\/maps.google.com\/maps?q=S%C3%A3o%20Paulo%20Expo&#038;t=m&#038;z=14&#038;output=embed&#038;iwloc=near\"\n\t\t\t\t\ttitle=\"S\u00e3o Paulo Expo\"\n\t\t\t\t\taria-label=\"S\u00e3o Paulo Expo\"\n\t\t\t><\/iframe>\n\t\t<\/div>\n\t\t\t\t<\/div>\n\t\t\t\t<\/div>\n\t\t\t\t\t<\/div>\n\t\t<\/div>\n\t\t\t\t\t<\/div>\n\t\t<\/section>\n\t\t\t\t<\/div>\n\t\t","protected":false},"excerpt":{"rendered":"<p>Local e data Data:\u00a006 a 08 de Outubro de 2026 Hor\u00e1rio:\u00a013h \u00e0s 20h Local:\u00a0S\u00e3o Paulo Expo Exhibition &amp; Convention Center Endere\u00e7o:\u00a0Rodovia dos Imigrantes, KM 1,5 \u2013 \u00c1gua Funda, S\u00e3o Paulo \u2013 SP, 04329-100 Frequ\u00eancia:\u00a0Bienal Transporte Gratuito: Haver\u00e1 transporte gratuito com in\u00edcio 1 hora antes at\u00e9 1 hora depois do funcionamento da feira.\u00a0Em breve mais informa\u00e7\u00f5es [&hellip;]<\/p>\n","protected":false},"author":2,"featured_media":0,"parent":0,"menu_order":0,"comment_status":"closed","ping_status":"closed","template":"","meta":{"_joinchat":[],"footnotes":""},"class_list":["post-37","page","type-page","status-publish","hentry"],"yoast_head":"<!-- This site is optimized with the Yoast SEO plugin v18.1 - https:\/\/yoast.com\/wordpress\/plugins\/seo\/ -->\n<title>Local e Data Fire Show | Feira Internacional de Resgate e Prote\u00e7\u00e3o contra Inc\u00eandios<\/title>\n<meta name=\"description\" content=\"Data Fire Show: 06 a 08 de Outubro, S\u00e3o Paulo Expo, Rod. dos Imigrantes, KM 1,5.\" \/>\n<meta name=\"robots\" content=\"index, follow, max-snippet:-1, max-image-preview:large, max-video-preview:-1\" \/>\n<link rel=\"canonical\" href=\"https:\/\/fireshow.com.br\/?page_id=37\" \/>\n<meta property=\"og:locale\" content=\"pt_BR\" \/>\n<meta property=\"og:type\" content=\"article\" \/>\n<meta property=\"og:title\" content=\"Local e Data Fire Show | Feira Internacional de Resgate e Prote\u00e7\u00e3o contra Inc\u00eandios\" \/>\n<meta property=\"og:description\" content=\"Data Fire Show: 06 a 08 de Outubro, S\u00e3o Paulo Expo, Rod. dos Imigrantes, KM 1,5.\" \/>\n<meta property=\"og:url\" content=\"https:\/\/fireshow.com.br\/?page_id=37\" \/>\n<meta property=\"og:site_name\" content=\"Fire Show\" \/>\n<meta property=\"article:publisher\" content=\"https:\/\/www.facebook.com\/Fire-Show-1113145285392042\/\" \/>\n<meta property=\"article:modified_time\" content=\"2026-02-10T13:23:09+00:00\" \/>\n<meta name=\"twitter:card\" content=\"summary_large_image\" \/>\n<meta name=\"twitter:site\" content=\"@feirafireshow\" \/>\n<meta name=\"twitter:label1\" content=\"Est. tempo de leitura\" \/>\n\t<meta name=\"twitter:data1\" content=\"1 minuto\" \/>\n<script type=\"application\/ld+json\" class=\"yoast-schema-graph\">{\"@context\":\"https:\/\/schema.org\",\"@graph\":[{\"@type\":\"Organization\",\"@id\":\"https:\/\/fireshow.com.br\/#organization\",\"name\":\"Fire Show - International Fire Fair\",\"url\":\"https:\/\/fireshow.com.br\/\",\"sameAs\":[\"https:\/\/www.facebook.com\/Fire-Show-1113145285392042\/\",\"https:\/\/www.instagram.com\/fireshowbrasil\/\",\"https:\/\/www.youtube.com\/channel\/UCcrepgp7vdG5UxMwei4-OjA\",\"https:\/\/twitter.com\/feirafireshow\"],\"logo\":{\"@type\":\"ImageObject\",\"@id\":\"https:\/\/fireshow.com.br\/#logo\",\"inLanguage\":\"pt-BR\",\"url\":\"https:\/\/glorious-green-crane.72-61-35-14.cpanel.site\/wp-content\/uploads\/2017\/11\/favicon-fireshow.png\",\"contentUrl\":\"https:\/\/glorious-green-crane.72-61-35-14.cpanel.site\/wp-content\/uploads\/2017\/11\/favicon-fireshow.png\",\"width\":250,\"height\":250,\"caption\":\"Fire Show - International Fire Fair\"},\"image\":{\"@id\":\"https:\/\/fireshow.com.br\/#logo\"}},{\"@type\":\"WebSite\",\"@id\":\"https:\/\/fireshow.com.br\/#website\",\"url\":\"https:\/\/fireshow.com.br\/\",\"name\":\"Fire Show\",\"description\":\"International Fire Fair\",\"publisher\":{\"@id\":\"https:\/\/fireshow.com.br\/#organization\"},\"potentialAction\":[{\"@type\":\"SearchAction\",\"target\":{\"@type\":\"EntryPoint\",\"urlTemplate\":\"https:\/\/fireshow.com.br\/?s={search_term_string}\"},\"query-input\":\"required name=search_term_string\"}],\"inLanguage\":\"pt-BR\"},{\"@type\":\"WebPage\",\"@id\":\"https:\/\/fireshow.com.br\/?page_id=37#webpage\",\"url\":\"https:\/\/fireshow.com.br\/?page_id=37\",\"name\":\"Local e Data Fire Show | Feira Internacional de Resgate e Prote\u00e7\u00e3o contra Inc\u00eandios\",\"isPartOf\":{\"@id\":\"https:\/\/fireshow.com.br\/#website\"},\"datePublished\":\"2015-05-19T13:50:17+00:00\",\"dateModified\":\"2026-02-10T13:23:09+00:00\",\"description\":\"Data Fire Show: 06 a 08 de Outubro, S\u00e3o Paulo Expo, Rod. dos Imigrantes, KM 1,5.\",\"breadcrumb\":{\"@id\":\"https:\/\/fireshow.com.br\/?page_id=37#breadcrumb\"},\"inLanguage\":\"pt-BR\",\"potentialAction\":[{\"@type\":\"ReadAction\",\"target\":[\"https:\/\/fireshow.com.br\/?page_id=37\"]}]},{\"@type\":\"BreadcrumbList\",\"@id\":\"https:\/\/fireshow.com.br\/?page_id=37#breadcrumb\",\"itemListElement\":[{\"@type\":\"ListItem\",\"position\":1,\"name\":\"In\u00edcio\",\"item\":\"https:\/\/fireshow.com.br\/\"},{\"@type\":\"ListItem\",\"position\":2,\"name\":\"Local e Data\"}]}]}<\/script>\n<!-- \/ Yoast SEO plugin. -->","yoast_head_json":{"title":"Local e Data Fire Show | Feira Internacional de Resgate e Prote\u00e7\u00e3o contra Inc\u00eandios","description":"Data Fire Show: 06 a 08 de Outubro, S\u00e3o Paulo Expo, Rod. dos Imigrantes, KM 1,5.","robots":{"index":"index","follow":"follow","max-snippet":"max-snippet:-1","max-image-preview":"max-image-preview:large","max-video-preview":"max-video-preview:-1"},"canonical":"https:\/\/fireshow.com.br\/?page_id=37","og_locale":"pt_BR","og_type":"article","og_title":"Local e Data Fire Show | Feira Internacional de Resgate e Prote\u00e7\u00e3o contra Inc\u00eandios","og_description":"Data Fire Show: 06 a 08 de Outubro, S\u00e3o Paulo Expo, Rod. dos Imigrantes, KM 1,5.","og_url":"https:\/\/fireshow.com.br\/?page_id=37","og_site_name":"Fire Show","article_publisher":"https:\/\/www.facebook.com\/Fire-Show-1113145285392042\/","article_modified_time":"2026-02-10T13:23:09+00:00","twitter_card":"summary_large_image","twitter_site":"@feirafireshow","twitter_misc":{"Est. tempo de leitura":"1 minuto"},"schema":{"@context":"https:\/\/schema.org","@graph":[{"@type":"Organization","@id":"https:\/\/fireshow.com.br\/#organization","name":"Fire Show - International Fire Fair","url":"https:\/\/fireshow.com.br\/","sameAs":["https:\/\/www.facebook.com\/Fire-Show-1113145285392042\/","https:\/\/www.instagram.com\/fireshowbrasil\/","https:\/\/www.youtube.com\/channel\/UCcrepgp7vdG5UxMwei4-OjA","https:\/\/twitter.com\/feirafireshow"],"logo":{"@type":"ImageObject","@id":"https:\/\/fireshow.com.br\/#logo","inLanguage":"pt-BR","url":"https:\/\/glorious-green-crane.72-61-35-14.cpanel.site\/wp-content\/uploads\/2017\/11\/favicon-fireshow.png","contentUrl":"https:\/\/glorious-green-crane.72-61-35-14.cpanel.site\/wp-content\/uploads\/2017\/11\/favicon-fireshow.png","width":250,"height":250,"caption":"Fire Show - International Fire Fair"},"image":{"@id":"https:\/\/fireshow.com.br\/#logo"}},{"@type":"WebSite","@id":"https:\/\/fireshow.com.br\/#website","url":"https:\/\/fireshow.com.br\/","name":"Fire Show","description":"International Fire Fair","publisher":{"@id":"https:\/\/fireshow.com.br\/#organization"},"potentialAction":[{"@type":"SearchAction","target":{"@type":"EntryPoint","urlTemplate":"https:\/\/fireshow.com.br\/?s={search_term_string}"},"query-input":"required name=search_term_string"}],"inLanguage":"pt-BR"},{"@type":"WebPage","@id":"https:\/\/fireshow.com.br\/?page_id=37#webpage","url":"https:\/\/fireshow.com.br\/?page_id=37","name":"Local e Data Fire Show | Feira Internacional de Resgate e Prote\u00e7\u00e3o contra Inc\u00eandios","isPartOf":{"@id":"https:\/\/fireshow.com.br\/#website"},"datePublished":"2015-05-19T13:50:17+00:00","dateModified":"2026-02-10T13:23:09+00:00","description":"Data Fire Show: 06 a 08 de Outubro, S\u00e3o Paulo Expo, Rod. dos Imigrantes, KM 1,5.","breadcrumb":{"@id":"https:\/\/fireshow.com.br\/?page_id=37#breadcrumb"},"inLanguage":"pt-BR","potentialAction":[{"@type":"ReadAction","target":["https:\/\/fireshow.com.br\/?page_id=37"]}]},{"@type":"BreadcrumbList","@id":"https:\/\/fireshow.com.br\/?page_id=37#breadcrumb","itemListElement":[{"@type":"ListItem","position":1,"name":"In\u00edcio","item":"https:\/\/fireshow.com.br\/"},{"@type":"ListItem","position":2,"name":"Local e Data"}]}]}},"_links":{"self":[{"href":"https:\/\/fireshow.com.br\/index.php?rest_route=\/wp\/v2\/pages\/37","targetHints":{"allow":["GET"]}}],"collection":[{"href":"https:\/\/fireshow.com.br\/index.php?rest_route=\/wp\/v2\/pages"}],"about":[{"href":"https:\/\/fireshow.com.br\/index.php?rest_route=\/wp\/v2\/types\/page"}],"author":[{"embeddable":true,"href":"https:\/\/fireshow.com.br\/index.php?rest_route=\/wp\/v2\/users\/2"}],"replies":[{"embeddable":true,"href":"https:\/\/fireshow.com.br\/index.php?rest_route=%2Fwp%2Fv2%2Fcomments&post=37"}],"version-history":[{"count":55,"href":"https:\/\/fireshow.com.br\/index.php?rest_route=\/wp\/v2\/pages\/37\/revisions"}],"predecessor-version":[{"id":11122,"href":"https:\/\/fireshow.com.br\/index.php?rest_route=\/wp\/v2\/pages\/37\/revisions\/11122"}],"wp:attachment":[{"href":"https:\/\/fireshow.com.br\/index.php?rest_route=%2Fwp%2Fv2%2Fmedia&parent=37"}],"curies":[{"name":"wp","href":"https:\/\/api.w.org\/{rel}","templated":true}]}}